{"id":615,"date":"2025-03-02T21:41:10","date_gmt":"2025-03-02T20:41:10","guid":{"rendered":"https:\/\/arteneural.net\/?page_id=615"},"modified":"2025-05-16T10:49:41","modified_gmt":"2025-05-16T09:49:41","slug":"okdulces","status":"publish","type":"page","link":"https:\/\/arteneura.dreamify.love\/blog\/okdulces\/","title":{"rendered":"OK con los dulces (y con los salados tambi\u00e9n)"},"content":{"rendered":"\n<div class=\"wp-block-group alignfull has-background has-global-padding is-layout-constrained wp-container-core-group-is-layout-669513ed wp-block-group-is-layout-constrained\" style=\"background-color:#ffebbd;margin-top:0;margin-bottom:0;padding-top:var(--wp--preset--spacing--50);padding-right:var(--wp--preset--spacing--50);padding-bottom:var(--wp--preset--spacing--50);padding-left:var(--wp--preset--spacing--50)\">\n<div class=\"wp-block-columns alignwide is-layout-flex wp-container-core-columns-is-layout-1da03c2a wp-block-columns-is-layout-flex\">\n<div class=\"wp-block-column is-vertically-aligned-stretch is-layout-flow wp-block-column-is-layout-flow\" style=\"flex-basis:50%\">\n<div class=\"wp-block-group is-vertical is-content-justification-stretch is-layout-flex wp-container-core-group-is-layout-444d5ee8 wp-block-group-is-layout-flex\" style=\"min-height:100%\">\n<p class=\"has-heading-font-family has-x-large-font-size\" style=\"line-height:1.2\"><em>\u00abA nadie le amarga un dulce\u00bb<\/em> dice el dicho, aunque a veces la relaci\u00f3n con estos productos puede ser desafiante y generar molestias a nivel de salud, bienestar, econom\u00eda&#8230; El taller &#8216;<strong>OK con los dulces<\/strong>&#8216; (y con los salados tambi\u00e9n) busca propiciar una mejor relaci\u00f3n con el consumo de los dulces, a trav\u00e9s de distintas t\u00e9cnicas con base neurocient\u00edfica.<\/p>\n\n\n\n<p><\/p>\n\n\n\n<div class=\"wp-block-group has-global-padding is-content-justification-left is-layout-constrained wp-container-core-group-is-layout-9fe8ed88 wp-block-group-is-layout-constrained\">\n<p class=\"wp-container-content-0733e5d0\">\u00bfQuieres saber m\u00e1s sobre las herramientas que se utilizan en este taller? Haz click en el siguiente bot\u00f3n.<\/p>\n\n\n\n<div class=\"wp-block-buttons is-layout-flex wp-block-buttons-is-layout-flex\">\n<div class=\"wp-block-button\"><a class=\"wp-block-button__link has-background wp-element-button\" href=\"https:\/\/arteneura.dreamify.love\/blog\/wingwave-y-emdr\/\" style=\"background-color:#2459f8\">Conoce wingwave y EMDR<\/a><\/div>\n<\/div>\n<\/div>\n<\/div>\n<\/div>\n\n\n\n<div class=\"wp-block-column is-vertically-aligned-center is-layout-flow wp-block-column-is-layout-flow\" style=\"flex-basis:50%\">\n<figure class=\"wp-block-image size-large is-style-rounded is-style-rounded--1\"><img loading=\"lazy\" decoding=\"async\" width=\"1080\" height=\"1440\" src=\"https:\/\/arteneura.dreamify.love\/blog\/wp-content\/uploads\/2025\/03\/Dulces-y-salados-tb-sin-fecha-edited.png\" alt=\"\" class=\"wp-image-659\" style=\"aspect-ratio:3\/4;object-fit:cover\" srcset=\"https:\/\/arteneura.dreamify.love\/blog\/wp-content\/uploads\/2025\/03\/Dulces-y-salados-tb-sin-fecha-edited.png 1080w, https:\/\/arteneura.dreamify.love\/blog\/wp-content\/uploads\/2025\/03\/Dulces-y-salados-tb-sin-fecha-edited-225x300.png 225w, https:\/\/arteneura.dreamify.love\/blog\/wp-content\/uploads\/2025\/03\/Dulces-y-salados-tb-sin-fecha-edited-768x1024.png 768w\" sizes=\"auto, (max-width: 1080px) 100vw, 1080px\" \/><\/figure>\n<\/div>\n<\/div>\n<\/div>\n\n\n\n<div class=\"wp-block-cover alignfull is-light has-custom-content-position is-position-top-left has-text-color has-link-color wp-elements-981e686b783689d53fbbfb4ee1312c22\" style=\"color:#922403;margin-top:0;padding-top:5vw;padding-right:5vw;padding-bottom:5vw;padding-left:5vw;min-height:189px;aspect-ratio:unset;\"><img decoding=\"async\" class=\"wp-block-cover__image-background wp-image-333\" alt=\"\" src=\"https:\/\/pd.w.org\/2022\/07\/87262c92d42acd1c3.73206444.jpg\" style=\"object-position:50% 0%\" data-object-fit=\"cover\" data-object-position=\"50% 0%\"\/><span aria-hidden=\"true\" class=\"wp-block-cover__background has-background-dim-90 has-background-dim\" style=\"background-color:#ffd0fd\"><\/span><div class=\"wp-block-cover__inner-container is-layout-flow wp-block-cover-is-layout-flow\">\n<div class=\"wp-block-group wp-container-content-9cfa9a5a is-vertical is-nowrap is-layout-flex wp-container-core-group-is-layout-2890af74 wp-block-group-is-layout-flex\">\n<p class=\"has-text-align-center has-text-color has-system-sans-serif-font-family\" style=\"color:#ab6804;font-size:clamp(38.682px, 2.418rem + ((1vw - 3.2px) * 3.471), 72px);font-style:normal;font-weight:100;letter-spacing:-4px;line-height:0.8;text-transform:none\">Para que te apetezcan&#8230; pero no tanto \ud83d\ude42<\/p>\n<\/div>\n<\/div><\/div>\n\n\n\n<div class=\"wp-block-group alignfull has-global-padding is-layout-constrained wp-container-core-group-is-layout-669513ed wp-block-group-is-layout-constrained\" style=\"margin-top:0;margin-bottom:0;padding-top:var(--wp--preset--spacing--50);padding-right:var(--wp--preset--spacing--50);padding-bottom:var(--wp--preset--spacing--50);padding-left:var(--wp--preset--spacing--50)\">\n<div class=\"wp-block-group is-vertical is-content-justification-center is-layout-flex wp-container-core-group-is-layout-ce155fab wp-block-group-is-layout-flex\">\n<h4 class=\"wp-block-heading has-text-align-center has-x-large-font-size\">\u00bfQu\u00e9 me voy a llevar de este taller?<\/h4>\n\n\n\n<p class=\"has-text-align-center\">En el dise\u00f1o de &#8216;<strong>c\u00f3mo estar OK con los dulces (y con los salados tambi\u00e9n)<\/strong>&#8216; he combinado a lo largo de siete horas una serie de t\u00e9cnicas y recursos para que, cuando salgas del taller, sientas que tu relaci\u00f3n con ese\/esos productos ya no se te atraganta.<\/p>\n<\/div>\n\n\n\n<div class=\"wp-block-columns alignwide is-layout-flex wp-container-core-columns-is-layout-4935966c wp-block-columns-is-layout-flex\" style=\"padding-right:0;padding-left:0\">\n<div class=\"wp-block-column is-layout-flow wp-block-column-is-layout-flow\">\n<figure class=\"wp-block-image size-full is-style-rounded is-style-rounded--2\"><img loading=\"lazy\" decoding=\"async\" width=\"1024\" height=\"1024\" src=\"https:\/\/arteneura.dreamify.love\/blog\/wp-content\/uploads\/2025\/03\/una-mano-con-el-gesto-del-ok-dedo-gordo-e-indice-juntos.jpg\" alt=\"\" class=\"wp-image-617\" style=\"aspect-ratio:1;object-fit:cover\" srcset=\"https:\/\/arteneura.dreamify.love\/blog\/wp-content\/uploads\/2025\/03\/una-mano-con-el-gesto-del-ok-dedo-gordo-e-indice-juntos.jpg 1024w, https:\/\/arteneura.dreamify.love\/blog\/wp-content\/uploads\/2025\/03\/una-mano-con-el-gesto-del-ok-dedo-gordo-e-indice-juntos-300x300.jpg 300w, https:\/\/arteneura.dreamify.love\/blog\/wp-content\/uploads\/2025\/03\/una-mano-con-el-gesto-del-ok-dedo-gordo-e-indice-juntos-150x150.jpg 150w, https:\/\/arteneura.dreamify.love\/blog\/wp-content\/uploads\/2025\/03\/una-mano-con-el-gesto-del-ok-dedo-gordo-e-indice-juntos-768x768.jpg 768w\" sizes=\"auto, (max-width: 1024px) 100vw, 1024px\" \/><\/figure>\n\n\n\n<div class=\"wp-block-group is-vertical is-content-justification-center is-nowrap is-layout-flex wp-container-core-group-is-layout-21d4e958 wp-block-group-is-layout-flex\">\n<p class=\"has-text-align-center has-small-font-size\"><strong>Test de kinesiolog\u00eda<\/strong><\/p>\n\n\n\n<p class=\"has-text-align-center has-small-font-size\">Una herramienta con la identificar cu\u00e1ndo tu organismo se siente sobrepasado por una emoci\u00f3n, y eso dificulta que puedas tomar decisiones con m\u00e1s sensatez.<\/p>\n<\/div>\n<\/div>\n\n\n\n<div class=\"wp-block-column is-layout-flow wp-block-column-is-layout-flow\">\n<figure class=\"wp-block-image size-full is-style-rounded is-style-rounded--3\"><img loading=\"lazy\" decoding=\"async\" width=\"1024\" height=\"1024\" src=\"https:\/\/arteneura.dreamify.love\/blog\/wp-content\/uploads\/2025\/03\/una-letra-en-mayuscula-sobre-un-fondo-blanco-neutro.jpg\" alt=\"\" class=\"wp-image-618\" style=\"aspect-ratio:1;object-fit:cover\" srcset=\"https:\/\/arteneura.dreamify.love\/blog\/wp-content\/uploads\/2025\/03\/una-letra-en-mayuscula-sobre-un-fondo-blanco-neutro.jpg 1024w, https:\/\/arteneura.dreamify.love\/blog\/wp-content\/uploads\/2025\/03\/una-letra-en-mayuscula-sobre-un-fondo-blanco-neutro-300x300.jpg 300w, https:\/\/arteneura.dreamify.love\/blog\/wp-content\/uploads\/2025\/03\/una-letra-en-mayuscula-sobre-un-fondo-blanco-neutro-150x150.jpg 150w, https:\/\/arteneura.dreamify.love\/blog\/wp-content\/uploads\/2025\/03\/una-letra-en-mayuscula-sobre-un-fondo-blanco-neutro-768x768.jpg 768w\" sizes=\"auto, (max-width: 1024px) 100vw, 1024px\" \/><\/figure>\n\n\n\n<div class=\"wp-block-group is-vertical is-content-justification-center is-nowrap is-layout-flex wp-container-core-group-is-layout-63bfd6c1 wp-block-group-is-layout-flex\">\n<p class=\"has-text-align-center has-small-font-size\"><strong>Recursos para el bienestar<\/strong><\/p>\n\n\n\n<p class=\"has-text-align-center has-small-font-size\">Te llevar\u00e1s a casa un efectivo ejercicio para potenciar actitudes y emociones que igual hasta ahora buscabas inconscintemente a trav\u00e9s de la comida.<\/p>\n<\/div>\n<\/div>\n\n\n\n<div class=\"wp-block-column is-layout-flow wp-block-column-is-layout-flow\">\n<figure class=\"wp-block-image size-full is-style-rounded is-style-rounded--4\"><img loading=\"lazy\" decoding=\"async\" width=\"1024\" height=\"1024\" src=\"https:\/\/arteneura.dreamify.love\/blog\/wp-content\/uploads\/2025\/03\/A-simple-magical-wand-with-stars-coming-out-of-its-tip-in-a-fairy-tale-style-on-a-neutral-background.jpg\" alt=\"\" class=\"wp-image-619\" style=\"aspect-ratio:1;object-fit:cover\" srcset=\"https:\/\/arteneura.dreamify.love\/blog\/wp-content\/uploads\/2025\/03\/A-simple-magical-wand-with-stars-coming-out-of-its-tip-in-a-fairy-tale-style-on-a-neutral-background.jpg 1024w, https:\/\/arteneura.dreamify.love\/blog\/wp-content\/uploads\/2025\/03\/A-simple-magical-wand-with-stars-coming-out-of-its-tip-in-a-fairy-tale-style-on-a-neutral-background-300x300.jpg 300w, https:\/\/arteneura.dreamify.love\/blog\/wp-content\/uploads\/2025\/03\/A-simple-magical-wand-with-stars-coming-out-of-its-tip-in-a-fairy-tale-style-on-a-neutral-background-150x150.jpg 150w, https:\/\/arteneura.dreamify.love\/blog\/wp-content\/uploads\/2025\/03\/A-simple-magical-wand-with-stars-coming-out-of-its-tip-in-a-fairy-tale-style-on-a-neutral-background-768x768.jpg 768w\" sizes=\"auto, (max-width: 1024px) 100vw, 1024px\" \/><\/figure>\n\n\n\n<div class=\"wp-block-group is-vertical is-content-justification-center is-nowrap is-layout-flex wp-container-core-group-is-layout-63bfd6c1 wp-block-group-is-layout-flex\">\n<p class=\"has-text-align-center has-small-font-size\"><strong>Desencantamiento<\/strong><\/p>\n\n\n\n<p class=\"has-text-align-center has-small-font-size\">Tu cerebro asoci\u00f3 tantas cosas buenas a los dulces (y\/o salados), \u00a1y ahora va a poder desaprenderlo! De esa manera, tu relaci\u00f3n con los dulces pasar\u00e1 a ser m\u00e1s real.<\/p>\n<\/div>\n<\/div>\n\n\n\n<div class=\"wp-block-column is-layout-flow wp-block-column-is-layout-flow\">\n<figure class=\"wp-block-image size-full is-style-rounded is-style-rounded--5\"><img loading=\"lazy\" decoding=\"async\" width=\"1024\" height=\"1024\" src=\"https:\/\/arteneura.dreamify.love\/blog\/wp-content\/uploads\/2025\/03\/un-grupo-de-personas-de-pie-en-una-sala-de-talleres-grupales-mirando-a-la-camara-visto-desde-atras-por-la-espalda.jpg\" alt=\"\" class=\"wp-image-620\" style=\"aspect-ratio:1;object-fit:cover\" srcset=\"https:\/\/arteneura.dreamify.love\/blog\/wp-content\/uploads\/2025\/03\/un-grupo-de-personas-de-pie-en-una-sala-de-talleres-grupales-mirando-a-la-camara-visto-desde-atras-por-la-espalda.jpg 1024w, https:\/\/arteneura.dreamify.love\/blog\/wp-content\/uploads\/2025\/03\/un-grupo-de-personas-de-pie-en-una-sala-de-talleres-grupales-mirando-a-la-camara-visto-desde-atras-por-la-espalda-300x300.jpg 300w, https:\/\/arteneura.dreamify.love\/blog\/wp-content\/uploads\/2025\/03\/un-grupo-de-personas-de-pie-en-una-sala-de-talleres-grupales-mirando-a-la-camara-visto-desde-atras-por-la-espalda-150x150.jpg 150w, https:\/\/arteneura.dreamify.love\/blog\/wp-content\/uploads\/2025\/03\/un-grupo-de-personas-de-pie-en-una-sala-de-talleres-grupales-mirando-a-la-camara-visto-desde-atras-por-la-espalda-768x768.jpg 768w\" sizes=\"auto, (max-width: 1024px) 100vw, 1024px\" \/><\/figure>\n\n\n\n<div class=\"wp-block-group is-vertical is-content-justification-center is-nowrap is-layout-flex wp-container-core-group-is-layout-21d4e958 wp-block-group-is-layout-flex\">\n<p class=\"has-text-align-center has-small-font-size\"><strong>Compartires<\/strong><\/p>\n\n\n\n<p class=\"has-text-align-center has-small-font-size\">Las experiencias grupales enriquecen en muchos niveles, y la conexi\u00f3n con otras personas aporta m\u00faltiples beneficios para la salud.<\/p>\n<\/div>\n<\/div>\n<\/div>\n<\/div>\n\n\n\n<div class=\"wp-block-group alignfull has-base-background-color has-background has-global-padding is-layout-constrained wp-container-core-group-is-layout-c816cdf9 wp-block-group-is-layout-constrained\" style=\"margin-top:0;margin-bottom:0;padding-top:var(--wp--preset--spacing--40);padding-right:var(--wp--preset--spacing--40);padding-bottom:var(--wp--preset--spacing--40);padding-left:var(--wp--preset--spacing--40);background-image:url(&apos;https:\/\/arteneura.dreamify.love\/blog\/wp-content\/uploads\/2025\/03\/un-lado-de-un-cerebro-iluminado-por-puntitos-multicolores-como-si-se-pudieran-ver-las-neuronas-y-estas-fueran-como-galaxias.jpg&apos;);background-position:53% 3%;background-repeat:repeat;background-size:auto;\">\n<div class=\"wp-block-columns alignwide is-layout-flex wp-container-core-columns-is-layout-549b0c86 wp-block-columns-is-layout-flex\">\n<div class=\"wp-block-column has-global-padding is-content-justification-left is-layout-constrained wp-container-core-column-is-layout-4f15e8fe wp-block-column-is-layout-constrained\" style=\"flex-basis:40%\">\n<p class=\"has-contrast-color has-base-background-color has-text-color has-background has-link-color wp-elements-600d6d5cce5b2ca8914526c58af5f523\" style=\"padding-top:var(--wp--preset--spacing--10);padding-right:var(--wp--preset--spacing--10);padding-bottom:var(--wp--preset--spacing--10);padding-left:var(--wp--preset--spacing--10)\">Enfoque metab\u00f3lico, bioqu\u00edmico y psicol\u00f3gico detr\u00e1s del consumo de dulces.<\/p>\n<\/div>\n\n\n\n<div class=\"wp-block-column is-layout-flow wp-container-core-column-is-layout-119bc444 wp-block-column-is-layout-flow\" style=\"flex-basis:60%\">\n<p class=\"has-contrast-color has-base-background-color has-text-color has-background has-link-color has-heading-font-family has-x-large-font-size wp-elements-c82951851c76f886bb657bd9250d08f3\" style=\"border-style:none;border-width:0px;padding-top:var(--wp--preset--spacing--20);padding-right:var(--wp--preset--spacing--20);padding-bottom:var(--wp--preset--spacing--20);padding-left:var(--wp--preset--spacing--20);line-height:1.1\">Los dulces, especialmente cuando son ultraprocesados y llevan az\u00facar, dan en la diana de la <em>recompensa <\/em>en el cerebro, liberando cantidades considerables de dopamina. Y es as\u00ed como sentimos bienestar, y tambi\u00e9n queremos comer m\u00e1s.<\/p>\n\n\n\n<div class=\"wp-block-columns is-layout-flex wp-container-core-columns-is-layout-87beb0d0 wp-block-columns-is-layout-flex\">\n<div class=\"wp-block-column is-layout-flow wp-block-column-is-layout-flow\">\n<p class=\"has-base-background-color has-background wp-container-content-9cfa9a5a\" style=\"padding-right:var(--wp--preset--spacing--20);padding-left:var(--wp--preset--spacing--20)\">El cerebro sabe identificar cu\u00e1ndo un alimento que ingerimos lleva glucosa, una de las <strong>principales fuentes de energ\u00eda<\/strong> para el cuerpo en general, y el cerebro en particular. Por eso, al consumirla (y el az\u00facar se descompone en glucosa y fructosa), el cerebro activa su sistema de recompensa, porque evolutivamente aprendi\u00f3 a apreciar su importancia, y al ser una necesidad metab\u00f3lica clave en tiempos pasados, esta recompensa iba a favor de la supervivencia. \u00abComamos m\u00e1s de esto porque (literalmente) nos va la vida\u00bb. Hoy en d\u00eda afortunadamente grandes partes de la poblaci\u00f3n viven sin problemas de alimentaci\u00f3n, pero el cerebro sigue apreciando mucho la glucosa.<\/p>\n\n\n\n<p class=\"has-base-background-color has-background\" style=\"padding-right:var(--wp--preset--spacing--20);padding-left:var(--wp--preset--spacing--20)\">La industria alimentaria hace uso de esta condici\u00f3n del cerebro para otorgar sabores m\u00e1s apetecibles, y de paso, incrementar sus ventas. \u00a1Por eso se utiliza tanto el az\u00facar!<\/p>\n<\/div>\n\n\n\n<div class=\"wp-block-column is-layout-flow wp-block-column-is-layout-flow\">\n<p class=\"has-base-background-color has-background\" style=\"padding-right:var(--wp--preset--spacing--20);padding-left:var(--wp--preset--spacing--20)\">Este aspecto explica una tendencia natural a que los dulces nos gusten. Ahora, \u00bfpor qu\u00e9 a algunas personas les resulta m\u00e1s f\u00e1cil parar de comerlos que a otras? Ah\u00ed intervienen otros factores, entre ellos algunos son de la propia composici\u00f3n del dulce (suelen tener poco contenido en fibra y prote\u00ednas, con lo cual no proporcionan sensaci\u00f3n de saciedad). Y tambi\u00e9n hay factores que corresponden a la persona, por ejemplo su regulaci\u00f3n emocional. En muchas ocasiones, los dulces son una <em>sobrecompensaci\u00f3n <\/em>temporal ante el estr\u00e9s, ansiedad o procesos emocionales que la persona transita, y sirven para, por un rato, \u00absentirse mejor\u00bb (en eso tambi\u00e9n participan la serotonina y endorfinas, cuya presencia aumenta moment\u00e1neamente). La cuesti\u00f3n es que las consecuencias acaban suponiendo m\u00e1s perjuicios que beneficios para la salud.<\/p>\n\n\n\n<p class=\"has-base-background-color has-background\" style=\"padding-right:var(--wp--preset--spacing--20);padding-left:var(--wp--preset--spacing--20)\">El taller &#8216;<strong>OK con los dulces<\/strong>&#8216; incide en la relaci\u00f3n emocional con los dulces, permitiendo que sea m\u00e1s coherente con la salud y bienestar de la persona.<\/p>\n<\/div>\n<\/div>\n<\/div>\n<\/div>\n<\/div>\n\n\n\n<div class=\"wp-block-group alignfull has-global-padding is-layout-constrained wp-container-core-group-is-layout-d89aad35 wp-block-group-is-layout-constrained\" style=\"margin-top:0;margin-bottom:0;padding-top:var(--wp--preset--spacing--50);padding-right:var(--wp--preset--spacing--50);padding-bottom:var(--wp--preset--spacing--50);padding-left:var(--wp--preset--spacing--50)\">\n<div class=\"wp-block-columns alignwide are-vertically-aligned-center is-layout-flex wp-container-core-columns-is-layout-47c06fe3 wp-block-columns-is-layout-flex\">\n<div class=\"wp-block-column is-vertically-aligned-center is-layout-flow wp-block-column-is-layout-flow\" style=\"flex-basis:50%\">\n<h2 class=\"wp-block-heading\">\u00a1Mucho m\u00e1s que dulces (y salados)!<\/h2>\n\n\n\n<p>Raramente la publicidad vende solo un producto. Casi siempre intenta asociar ese producto o servicio con <strong>experiencias y emociones<\/strong> (conexi\u00f3n, libertad, alegr\u00eda&#8230;).<\/p>\n\n\n\n<p>Y ese mismo efecto de asociaci\u00f3n es el que, en muchas ocasiones, est\u00e1 detr\u00e1s de patrones de comportamiento con los que no estamos del todo a gusto. Para el cerebro, \u00abest\u00e1 tan (inconscientemente) claro\u00bb que comer dulces\/salados trae beneficios emocionales insospechados, que no duda en comer todos los dulces que puede.<\/p>\n\n\n\n<p>Afortunadamente, existen formas de disolver este tipo de asociaciones emocionales, para poder tomar decisiones respecto a los dulces con m\u00e1s serenidad y sentido com\u00fan.<\/p>\n<\/div>\n\n\n\n<div class=\"wp-block-column is-vertically-aligned-center is-layout-flow wp-block-column-is-layout-flow\" style=\"flex-basis:50%\">\n<figure class=\"wp-block-image size-full is-style-rounded is-style-rounded--6\"><img loading=\"lazy\" decoding=\"async\" width=\"1024\" height=\"1024\" src=\"https:\/\/arteneura.dreamify.love\/blog\/wp-content\/uploads\/2025\/03\/una-television-de-los-90-con-un-anuncio-de-dulces.jpg\" alt=\"\" class=\"wp-image-624\" style=\"aspect-ratio:4\/3;object-fit:cover\" srcset=\"https:\/\/arteneura.dreamify.love\/blog\/wp-content\/uploads\/2025\/03\/una-television-de-los-90-con-un-anuncio-de-dulces.jpg 1024w, https:\/\/arteneura.dreamify.love\/blog\/wp-content\/uploads\/2025\/03\/una-television-de-los-90-con-un-anuncio-de-dulces-300x300.jpg 300w, https:\/\/arteneura.dreamify.love\/blog\/wp-content\/uploads\/2025\/03\/una-television-de-los-90-con-un-anuncio-de-dulces-150x150.jpg 150w, https:\/\/arteneura.dreamify.love\/blog\/wp-content\/uploads\/2025\/03\/una-television-de-los-90-con-un-anuncio-de-dulces-768x768.jpg 768w\" sizes=\"auto, (max-width: 1024px) 100vw, 1024px\" \/><\/figure>\n<\/div>\n<\/div>\n<\/div>\n\n\n\n<div class=\"wp-block-group alignfull has-base-color has-contrast-background-color has-text-color has-background has-link-color wp-elements-9080f3d27ce15f3c205f076452bb5c29 has-global-padding is-layout-constrained wp-container-core-group-is-layout-d89aad35 wp-block-group-is-layout-constrained\" style=\"margin-top:0;margin-bottom:0;padding-top:var(--wp--preset--spacing--50);padding-right:var(--wp--preset--spacing--50);padding-bottom:var(--wp--preset--spacing--50);padding-left:var(--wp--preset--spacing--50)\">\n<h4 class=\"wp-block-heading alignwide has-base-color has-text-color has-link-color wp-elements-3a24e2454dabde809bdc10227e9d538a\" style=\"font-size:clamp(1.743rem, 1.743rem + ((1vw - 0.2rem) * 2.095), 3rem);letter-spacing:-0.02em\">Preguntas y respuestas<\/h4>\n\n\n\n<div class=\"wp-block-group alignwide is-layout-flow wp-block-group-is-layout-flow\">\n<hr class=\"wp-block-separator has-text-color has-base-color has-alpha-channel-opacity has-base-background-color has-background is-style-wide\" style=\"margin-top:var(--wp--preset--spacing--30);margin-bottom:var(--wp--preset--spacing--30)\"\/>\n\n\n\n<h3 class=\"wp-block-heading alignwide has-base-2-color has-text-color has-link-color wp-elements-f7711363013fef32b681ec1ff9d6e634\">Quiero dejar de consumir dulces\/salados, \u00bflo conseguir\u00e9 en este taller?<\/h3>\n\n\n\n<p class=\"has-contrast-1-color has-text-color has-link-color wp-elements-82ff744534aeef483b61c4914447a152\">No te lo puedo garantizar. Cada caso es \u00fanico, y en ocasiones detr\u00e1s de un h\u00e1bito de consumo de dulces\/salados puede haber muchos factores diversos incidiendo a la vez. Por eso la premisa principal del taller es conseguir una <em>mejor <\/em>relaci\u00f3n con los dulces\/salados, y eso se podr\u00e1 traducir en que habr\u00e1 personas que ya puedan prescindir de su consumo de una manera natural, sin esfuerzo, y otras que se descubren consumiendo menos cantidad, y tambi\u00e9n sin esfuerzo. La clave es \u00absin esfuerzo\u00bb. Porque es lo que m\u00e1s garantiza que se mantenga en el tiempo este nuevo patr\u00f3n de conducta alimentaria. No es lo mismo una persona que no consume dulces\/salados y lo hace con esfuerzo, que una que no los consume y lo hace sin esfuerzo. Para la primera, mantener esta conducta le supone un estr\u00e9s, para la segunda no.<\/p>\n\n\n\n<p>Acabado el taller, la relaci\u00f3n con los dulces (o salados) podr\u00e1 seguir progresando hacia un estado deseado de la persona, desde el respeto al ritmo en que el organismo puede incorporar los cambios.<\/p>\n\n\n\n<hr class=\"wp-block-separator has-text-color has-base-color has-alpha-channel-opacity has-base-background-color has-background is-style-wide\" style=\"margin-top:var(--wp--preset--spacing--30);margin-bottom:var(--wp--preset--spacing--30)\"\/>\n\n\n\n<h3 class=\"wp-block-heading alignwide has-base-2-color has-text-color has-link-color wp-elements-7c3add5eeceeea707eb2bc197c07729c\">\u00bfRealmente se puede reducir el consumo de dulces\/salados SIN ESFUERZO?<\/h3>\n\n\n\n<p class=\"has-contrast-1-color has-text-color has-link-color wp-elements-5802019afdd6acbf634f309538ce9950\">S\u00ed. Y el cerebro dispone de esa capacidad, y es la que activaremos en este taller. La clave est\u00e1 en la carga emocional que el organismo ha asociado al consumo de estos productos, algo de lo que probablemente ni somos conscientes. El taller ofrecer\u00e1 t\u00e9cnicas para descubrir esta carga emocional que tiene ese efecto de magnetismo, y sobre todo nos centraremos en disolver ese v\u00ednculo inconsciente que va a cambiar significativamente la manera de percibir los dulces\/salados.<\/p>\n\n\n\n<hr class=\"wp-block-separator has-text-color has-base-color has-alpha-channel-opacity has-base-background-color has-background is-style-wide\" style=\"margin-top:var(--wp--preset--spacing--30);margin-bottom:var(--wp--preset--spacing--30)\"\/>\n\n\n\n<h3 class=\"wp-block-heading alignwide has-base-2-color has-text-color has-link-color wp-elements-6fd27e97c85f6533ad6e4bd34ad9a0dd\">\u00bfVoy a notar m\u00e1s cambios?<\/h3>\n\n\n\n<p class=\"has-contrast-1-color has-text-color has-link-color wp-elements-a3acb1db7ca0f8a83d1e4a5115d2d756\">El taller va a plantearte, de manera natural, una mayor comprensi\u00f3n de tu relaci\u00f3n con la comida. Sobre todo, con los productos y alimentos en los que centres las experiencias del taller, pero, de igual manera, vas a sentir m\u00e1s conciencia de tu est\u00f3mago, tu sistema digestivo, tu boca, de la sensaci\u00f3n de saciedad. El \u00abestr\u00e9s de euforia\u00bb, como cualquier otro estr\u00e9s, puede dejar \u00abeclipsadas\u00bb desde c\u00e9lulas a \u00f3rganos y partes de nuestro organismo. Y liberar este estr\u00e9s va a ampliar tu conciencia de ti mism@. Vas a reconocer m\u00e1s claramente cu\u00e1ndo est\u00e1s comiendo desde el hambre emocional, y cu\u00e1ndo desde un hambre real. No despu\u00e9s de comer, \u00a1sino en el momento! De igual manera, en el taller tambi\u00e9n vas a aprender ejercicios para cultivar el bienestar, emociones y actitudes que quieras tener m\u00e1s presentes en tu vida.<\/p>\n\n\n\n<hr class=\"wp-block-separator has-text-color has-base-color has-alpha-channel-opacity has-base-background-color has-background is-style-wide\" style=\"margin-top:var(--wp--preset--spacing--30);margin-bottom:var(--wp--preset--spacing--30)\"\/>\n\n\n\n<h3 class=\"wp-block-heading alignwide has-base-2-color has-text-color has-link-color wp-elements-9ad33fb3eec2829ef3b9df6d0b9c6318\">\u00bfY si mi inter\u00e9s no va dirigido a temas de alimentaci\u00f3n?<\/h3>\n\n\n\n<p class=\"has-contrast-1-color has-text-color has-link-color wp-elements-743577df635d4e63cb24eabd2499ea43\">Si quieres abordar otro tipo de acciones compulsivas, como por ejemplo comprar productos o ropa, fumar, tiempo de consumo de m\u00f3vil, cons\u00faltame y te indico si esa cuesti\u00f3n tiene cabida en el formato del taller. Muchos actos compulsivos se pueden abordar desde el enfoque de estr\u00e9s de euforia, y por tanto esta propuesta puede aportar beneficios ante dicha cuesti\u00f3n.<\/p>\n\n\n\n<hr class=\"wp-block-separator has-text-color has-base-color has-alpha-channel-opacity has-base-background-color has-background is-style-wide\" style=\"margin-top:var(--wp--preset--spacing--30);margin-bottom:var(--wp--preset--spacing--30)\"\/>\n\n\n\n<h3 class=\"wp-block-heading has-base-2-color has-text-color has-link-color wp-elements-7c9cbf7056b545157b6127228406cc60\">Nunca he realizado terapia, ni experiencias grupales. \u00bfSe requiere?<\/h3>\n\n\n\n<p class=\"has-contrast-1-color has-text-color has-link-color wp-elements-9136f04a4a66f02fe27c13d62a1f9f88\">En absoluto. Cualquier persona puede beneficiarse de este taller, no se requieren conocimientos, ni experiencias previas. En caso de existir alguna condici\u00f3n particular a nivel f\u00edsico y\/o mental, s\u00ed te pido que me lo indiques en el formulario de inscripci\u00f3n o consulta.<\/p>\n\n\n\n<hr class=\"wp-block-separator has-text-color has-base-color has-alpha-channel-opacity has-base-background-color has-background is-style-wide\" style=\"margin-top:var(--wp--preset--spacing--30);margin-bottom:var(--wp--preset--spacing--30)\"\/>\n\n\n\n<h3 class=\"wp-block-heading alignwide has-base-2-color has-text-color has-link-color wp-elements-7f7b061b1b9f83fe041a758bf61dfe14\">No s\u00e9 si este tipo de t\u00e9cnicas son las adecuadas para m\u00ed. \u00bfHay alguna forma de probar?<\/h3>\n\n\n\n<p class=\"has-contrast-1-color has-text-color has-link-color wp-elements-65f4d504c1d14977892b77eb6ffb6987\">Los recursos que incorporaremos en el taller son asequibles para cualquier persona que tenga capacidad de entendimiento, as\u00ed como de percibir sus emociones. El taller es cerrado y con plazas limitadas, solo pueden participar las personas inscritas. Ahora, si quieres descubrir c\u00f3mo funciona wingwave y EMDR, puedes inscribirte en los <a href=\"https:\/\/arteneura.dreamify.love\/blog\/efectivo\/\">encuentros EFECTIVO<\/a>, una propuesta abierta y de formato econ\u00f3mico donde podr\u00e1s asistir a la aplicaci\u00f3n de estas terapias a cuestiones de lo m\u00e1s diversas. Esta experiencia te podr\u00e1 dar claridad respecto a inscribirte en talleres como &#8216;Ok con los dulces&#8217; (y con los salados tambi\u00e9n). Tambi\u00e9n puedes solicitar una sesi\u00f3n individual y descubrir el efecto de esta t\u00e9cnica ante alguna cuesti\u00f3n relevante de tu vida en este momento.<\/p>\n\n\n\n<div style=\"margin-top:var(--wp--preset--spacing--10);margin-bottom:0;height:var(--wp--preset--spacing--10)\" aria-hidden=\"true\" class=\"wp-block-spacer\"><\/div>\n<\/div>\n<\/div>\n\n\n\n<div class=\"wp-block-cover alignfull wp-duotone-rgb4448102-ffb23d-7\" style=\"margin-top:0;padding-top:4vw;padding-right:4vw;padding-bottom:4vw;padding-left:4vw;min-height:50vh;aspect-ratio:unset;\"><img decoding=\"async\" class=\"wp-block-cover__image-background wp-image-334\" alt=\"\" src=\"https:\/\/pd.w.org\/2022\/01\/2661f82cd1ba9172.16386413.jpg\" data-object-fit=\"cover\"\/><span aria-hidden=\"true\" class=\"wp-block-cover__background has-background-dim-90 has-background-dim\" style=\"background-color:#2c3066\"><\/span><div class=\"wp-block-cover__inner-container is-layout-flow wp-block-cover-is-layout-flow\">\n<div class=\"wp-block-group is-layout-flow wp-container-core-group-is-layout-d6743c7d wp-block-group-is-layout-flow\">\n<p class=\"has-text-align-center has-text-color\" style=\"color:#ffb23d;font-size:clamp(25.014px, 1.563rem + ((1vw - 3.2px) * 1.769), 42px);font-style:normal;font-weight:700;letter-spacing:-2px;line-height:0.9;text-transform:uppercase\">DATOS DE INTER\u00c9S<\/p>\n\n\n\n<p class=\"has-text-color has-link-color wp-elements-72d02f32ef80d7f60d19175bbbd7fcbe\" style=\"color:#4d1fea\">.<\/p>\n\n\n\n<p><\/p>\n\n\n\n<p class=\"has-text-align-left\" style=\"margin-right:var(--wp--preset--spacing--20);margin-left:var(--wp--preset--spacing--20)\"><strong>Fecha:<\/strong> s\u00e1bado 14 y 15 de junio de 2025.<\/p>\n\n\n\n<p class=\"has-text-align-left\" style=\"margin-right:var(--wp--preset--spacing--20);margin-left:var(--wp--preset--spacing--20)\"><strong>Lugar: <\/strong>sala ubicada en Ronda de Buenavista 31, Toledo.<\/p>\n\n\n\n<p style=\"margin-right:var(--wp--preset--spacing--20);margin-left:var(--wp--preset--spacing--20)\"><strong>Horario:<\/strong> s\u00e1bado, de 10h a 18:30h (con pausa a media ma\u00f1ana y tambi\u00e9n para comer); domingo, de 10h a 12:30h aproximadamente.<\/p>\n\n\n\n<p style=\"margin-right:var(--wp--preset--spacing--20);margin-left:var(--wp--preset--spacing--20)\"><strong>Duraci\u00f3n: <\/strong>8 &#8211; 9 horas (podr\u00e1 acortarse o extenderse en funci\u00f3n del tama\u00f1o del grupo y desarrollo de los ejercicios).<\/p>\n\n\n\n<p style=\"margin-right:var(--wp--preset--spacing--20);margin-left:var(--wp--preset--spacing--20)\"><strong>Precio:<\/strong> 65 euros.<\/p>\n\n\n\n<p style=\"margin-right:var(--wp--preset--spacing--20);margin-left:var(--wp--preset--spacing--20)\"><strong>Plazas: <\/strong>de 6 a 12 personas.<\/p>\n\n\n\n<p style=\"margin-right:var(--wp--preset--spacing--20);margin-left:var(--wp--preset--spacing--20)\"><strong>Fecha tope de inscripci\u00f3n:<\/strong> 11 de junio de 2025 (o hasta cubrir plazas).<\/p>\n\n\n\n<p class=\"has-base-2-color has-text-color has-link-color wp-elements-2e99a0536c786f8bf099f1cf162e7b1b\" style=\"margin-right:var(--wp--preset--spacing--20);margin-left:var(--wp--preset--spacing--20)\">I<strong>mparte:<\/strong> N\u00e9burk, me puedes llamar tambi\u00e9n Manuel, psic\u00f3logo terapeuta EMDR, Wingwave y Gestalt (<strong><em><a href=\"https:\/\/arteneura.dreamify.love\/blog\/quien-soy\/\">haz click aqu\u00ed para m\u00e1s informaci\u00f3n<\/a>).<\/em><\/strong><\/p>\n\n\n\n<p style=\"margin-right:var(--wp--preset--spacing--20);margin-left:var(--wp--preset--spacing--20)\"><strong>T\u00e9cnicas:<\/strong> herramientas de Wingwave\/EMDR.<\/p>\n<\/div>\n<\/div><\/div>\n\n\n<div class=\"wpforms-container wpforms-container-full wpforms-block wpforms-block-0230900f-f9cd-4fd2-b37c-d0418c476d97 wpforms-render-modern\" id=\"wpforms-628\"><form id=\"wpforms-form-628\" class=\"wpforms-validate wpforms-form wpforms-ajax-form\" data-formid=\"628\" method=\"post\" enctype=\"multipart\/form-data\" action=\"\/blog\/wp-json\/wp\/v2\/pages\/615\" data-token=\"28c68fdf7d15b911733da6436f3ab951\" data-token-time=\"1777451666\"><div class=\"wpforms-head-container\"><div class=\"wpforms-title\">Formulario para taller &#039;OK con los dulces&#039; (y con los salados tambi\u00e9n)<\/div><div class=\"wpforms-description\">Rellena todos los campos solo si quieres inscribirte.\r\n\r\nEn caso de solicitar informaci\u00f3n, indica n\u00famero de tel\u00e9fono en funci\u00f3n de tu preferencia para que te contacte.<\/div><\/div><noscript class=\"wpforms-error-noscript\">Por favor, activa JavaScript en tu navegador para completar este formulario.<\/noscript><div id=\"wpforms-error-noscript\" style=\"display: none;\">Por favor, activa JavaScript en tu navegador para completar este formulario.<\/div><div class=\"wpforms-field-container\"><div id=\"wpforms-628-field_14-container\" class=\"wpforms-field wpforms-field-select wpforms-field-select-style-classic\" data-field-id=\"14\"><label class=\"wpforms-field-label\" for=\"wpforms-628-field_14\">\u00bfQuieres solicitar informaci\u00f3n o inscribirte? <span class=\"wpforms-required-label\" aria-hidden=\"true\">*<\/span><\/label><select id=\"wpforms-628-field_14\" class=\"wpforms-field-medium wpforms-field-required\" name=\"wpforms[fields][14]\" required=\"required\"><option value=\"Informaci\u00f3n y\/o aclarar duda\"  class=\"choice-1 depth-1\"  >Informaci\u00f3n y\/o aclarar duda<\/option><option value=\"inscribirme\"  class=\"choice-2 depth-1\"  >inscribirme<\/option><option value=\"ambas\"  class=\"choice-4 depth-1\"  >ambas<\/option><\/select><\/div><div id=\"wpforms-628-field_7-container\" class=\"wpforms-field wpforms-field-textarea\" data-field-id=\"7\"><label class=\"wpforms-field-label\" for=\"wpforms-628-field_7\">Plant\u00e9ame aqu\u00ed tu consulta si quieres solicitar informaci\u00f3n. En caso de querer participar en el taller, te pregunto: \u00bfcu\u00e1l es tu relaci\u00f3n con los dulces (o con los salados)? \u00bfQu\u00e9 te gustar\u00eda conseguir en este taller?<\/label><textarea id=\"wpforms-628-field_7\" class=\"wpforms-field-medium\" name=\"wpforms[fields][7]\" aria-errormessage=\"wpforms-628-field_7-error\" ><\/textarea><\/div><div id=\"wpforms-628-field_41-container\" class=\"wpforms-field wpforms-field-radio\" data-field-id=\"41\"><fieldset><legend class=\"wpforms-field-label\">Ahora, me gustar\u00eda saber algunos datos m\u00e1s de ti. \u00bfEres mayor de edad? <span class=\"wpforms-required-label\" aria-hidden=\"true\">*<\/span><\/legend><ul id=\"wpforms-628-field_41\" class=\"wpforms-field-required\"><li class=\"choice-1 depth-1\"><input type=\"radio\" id=\"wpforms-628-field_41_1\" name=\"wpforms[fields][41]\" value=\"S\u00ed.\" aria-errormessage=\"wpforms-628-field_41_1-error\" required ><label class=\"wpforms-field-label-inline\" for=\"wpforms-628-field_41_1\">S\u00ed.<\/label><\/li><li class=\"choice-2 depth-1\"><input type=\"radio\" id=\"wpforms-628-field_41_2\" name=\"wpforms[fields][41]\" value=\"No.\" aria-errormessage=\"wpforms-628-field_41_2-error\" required ><label class=\"wpforms-field-label-inline\" for=\"wpforms-628-field_41_2\">No.<\/label><\/li><\/ul><\/fieldset><\/div><div id=\"wpforms-628-field_22-container\" class=\"wpforms-field wpforms-field-text\" data-field-id=\"22\"><label class=\"wpforms-field-label\" for=\"wpforms-628-field_22\">\u00bfHas participado anteriormente en alguna experiencia de autoconocimiento, terapia o similar?<\/label><input type=\"text\" id=\"wpforms-628-field_22\" class=\"wpforms-field-medium\" name=\"wpforms[fields][22]\" aria-errormessage=\"wpforms-628-field_22-error\" ><\/div><div id=\"wpforms-628-field_1-container\" class=\"wpforms-field wpforms-field-name\" data-field-id=\"1\"><label class=\"wpforms-field-label\" for=\"wpforms-628-field_1\">\u00bfTu nombre? <span class=\"wpforms-required-label\" aria-hidden=\"true\">*<\/span><\/label><input type=\"text\" id=\"wpforms-628-field_1\" class=\"wpforms-field-medium wpforms-field-required\" name=\"wpforms[fields][1]\" aria-errormessage=\"wpforms-628-field_1-error\" required><\/div><div id=\"wpforms-628-field_35-container\" class=\"wpforms-field wpforms-field-email\" data-field-id=\"35\"><label class=\"wpforms-field-label\" for=\"wpforms-628-field_35\">Ind\u00edcame un correo electr\u00f3nico<\/label><input type=\"email\" id=\"wpforms-628-field_35\" class=\"wpforms-field-medium\" name=\"wpforms[fields][35]\" spellcheck=\"false\" aria-errormessage=\"wpforms-628-field_35-error\" ><\/div>\t\t<div id=\"wpforms-628-field_2-container\"\n\t\t\tclass=\"wpforms-field wpforms-field-text\"\n\t\t\tdata-field-type=\"text\"\n\t\t\tdata-field-id=\"2\"\n\t\t\t>\n\t\t\t<label class=\"wpforms-field-label\" for=\"wpforms-628-field_2\" >de \u00bfHas al<\/label>\n\t\t\t<input type=\"text\" id=\"wpforms-628-field_2\" class=\"wpforms-field-medium\" name=\"wpforms[fields][2]\" >\n\t\t<\/div>\n\t\t<div id=\"wpforms-628-field_26-container\" class=\"wpforms-field wpforms-field-text\" data-field-id=\"26\"><label class=\"wpforms-field-label\" for=\"wpforms-628-field_26\">\u00bfN\u00famero de m\u00f3vil? Para poder contactarte de cara a aclarar informaci\u00f3n o facilitar indicaciones para este taller. <span class=\"wpforms-required-label\" aria-hidden=\"true\">*<\/span><\/label><input type=\"text\" id=\"wpforms-628-field_26\" class=\"wpforms-field-medium wpforms-field-required\" name=\"wpforms[fields][26]\" aria-errormessage=\"wpforms-628-field_26-error\" required><\/div><div id=\"wpforms-628-field_28-container\" class=\"wpforms-field wpforms-field-checkbox\" data-field-id=\"28\"><fieldset><legend class=\"wpforms-field-label\">\u00bfQuieres estar al tanto de pr\u00f3ximas convocatorias de talleres y experiencias? <span class=\"wpforms-required-label\" aria-hidden=\"true\">*<\/span><\/legend><ul id=\"wpforms-628-field_28\" class=\"wpforms-field-required\"><li class=\"choice-1 depth-1\"><input type=\"checkbox\" id=\"wpforms-628-field_28_1\" name=\"wpforms[fields][28][]\" value=\"S\u00ed. Recibir solo informaci\u00f3n de futuras ediciones de este taller.\" aria-errormessage=\"wpforms-628-field_28_1-error\" required ><label class=\"wpforms-field-label-inline\" for=\"wpforms-628-field_28_1\">S\u00ed. Recibir solo informaci\u00f3n de futuras ediciones de este taller.<\/label><\/li><li class=\"choice-2 depth-1\"><input type=\"checkbox\" id=\"wpforms-628-field_28_2\" name=\"wpforms[fields][28][]\" value=\"S\u00ed, recibir informaci\u00f3n de todas las actividades que se organicen desde &#039;Arte Neural&#039;\" aria-errormessage=\"wpforms-628-field_28_2-error\" required ><label class=\"wpforms-field-label-inline\" for=\"wpforms-628-field_28_2\">S\u00ed, recibir informaci\u00f3n de todas las actividades que se organicen desde &#8216;Arte Neural&#8217;<\/label><\/li><li class=\"choice-3 depth-1\"><input type=\"checkbox\" id=\"wpforms-628-field_28_3\" name=\"wpforms[fields][28][]\" value=\"No.\" aria-errormessage=\"wpforms-628-field_28_3-error\" required ><label class=\"wpforms-field-label-inline\" for=\"wpforms-628-field_28_3\">No.<\/label><\/li><\/ul><\/fieldset><\/div><div id=\"wpforms-628-field_36-container\" class=\"wpforms-field wpforms-field-checkbox\" data-field-id=\"36\"><fieldset><legend class=\"wpforms-field-label\">\u00bfPor qu\u00e9 v\u00eda quieres recibir la informaci\u00f3n de pr\u00f3ximos talleres o eventos? (solo si respondiste que s\u00ed a la pregunta anterior).<\/legend><ul id=\"wpforms-628-field_36\"><li class=\"choice-1 depth-1\"><input type=\"checkbox\" id=\"wpforms-628-field_36_1\" name=\"wpforms[fields][36][]\" value=\"A trav\u00e9s de whatsapp.\" aria-errormessage=\"wpforms-628-field_36_1-error\" aria-describedby=\"wpforms-628-field_36-description\"  ><label class=\"wpforms-field-label-inline\" for=\"wpforms-628-field_36_1\">A trav\u00e9s de whatsapp.<\/label><\/li><li class=\"choice-2 depth-1\"><input type=\"checkbox\" id=\"wpforms-628-field_36_2\" name=\"wpforms[fields][36][]\" value=\"A trav\u00e9s de correo electr\u00f3nico (si seleccionas esta v\u00eda, recuerda rellenar el campo de correo electr\u00f3nico m\u00e1s arriba)\" aria-errormessage=\"wpforms-628-field_36_2-error\" aria-describedby=\"wpforms-628-field_36-description\"  ><label class=\"wpforms-field-label-inline\" for=\"wpforms-628-field_36_2\">A trav\u00e9s de correo electr\u00f3nico (si seleccionas esta v\u00eda, recuerda rellenar el campo de correo electr\u00f3nico m\u00e1s arriba)<\/label><\/li><li class=\"choice-4 depth-1\"><input type=\"checkbox\" id=\"wpforms-628-field_36_4\" name=\"wpforms[fields][36][]\" value=\"A trav\u00e9s de ambas v\u00edas  (si seleccionas esta v\u00eda, recuerda rellenar el campo de correo electr\u00f3nico m\u00e1s arriba).\" aria-errormessage=\"wpforms-628-field_36_4-error\" aria-describedby=\"wpforms-628-field_36-description\"  ><label class=\"wpforms-field-label-inline\" for=\"wpforms-628-field_36_4\">A trav\u00e9s de ambas v\u00edas  (si seleccionas esta v\u00eda, recuerda rellenar el campo de correo electr\u00f3nico m\u00e1s arriba).<\/label><\/li><\/ul><div id=\"wpforms-628-field_36-description\" class=\"wpforms-field-description\">Respecto a la v\u00eda de WHATSAPP, recibir\u00e1s un texto y\/o imagen con la informaci\u00f3n de fecha y hora de la siguiente convocatoria en un chat individualizado de whatsapp. Para dejar de recibirlos, con que lo indiques simplemente por mensaje en el mismo chat (\u00abdejar de recibir esta informaci\u00f3n\u00bb, por ejemplo), no los volver\u00e1s a recibir.\nEn el caso de la v\u00eda de CORREO ELECTR\u00d3NICO, recibir\u00e1s un mail con las propuestas por las que est\u00e9s interesad@. Podr\u00e1s darte de baja respondiendo a cualquiera de los correos con el asunto &#8216;Baja&#8217;, o enviando un correo a miarteneural@gmail.com indicando &#8216;Baja&#8217;.<\/div><\/fieldset><\/div><div id=\"wpforms-628-field_29-container\" class=\"wpforms-field wpforms-field-text\" data-field-id=\"29\"><label class=\"wpforms-field-label\" for=\"wpforms-628-field_29\">\u00bfPreferir\u00edas otro d\u00eda u horario de la semana para la siguiente convocatoria? En ese caso, indica cu\u00e1l, y as\u00ed poder tenerlo en cuenta.<\/label><input type=\"text\" id=\"wpforms-628-field_29\" class=\"wpforms-field-medium\" name=\"wpforms[fields][29]\" aria-errormessage=\"wpforms-628-field_29-error\" ><\/div><div id=\"wpforms-628-field_25-container\" class=\"wpforms-field wpforms-field-checkbox wpforms-list-inline\" data-field-id=\"25\"><fieldset><legend class=\"wpforms-field-label\">Tratamiento de datos personales <span class=\"wpforms-required-label\" aria-hidden=\"true\">*<\/span><\/legend><ul id=\"wpforms-628-field_25\" class=\"wpforms-field-required wpforms-icon-choices wpforms-icon-choices-none wpforms-icon-choices-small\" style=\"--wpforms-icon-choices-color: #faac0f;\"><li class=\"choice-1 depth-1 wpforms-icon-choices-item\"><label class=\"wpforms-field-label-inline\" for=\"wpforms-628-field_25_1\">\n\t\t\t\t<span class=\"wpforms-icon-choices-icon\">\n\t\t\t\t\t<svg xmlns=\"http:\/\/www.w3.org\/2000\/svg\" width=\"40\" height=\"32\" viewBox=\"0 0 512 512\"><!--! Font Awesome Free 6.4.0 by @fontawesome - https:\/\/fontawesome.com License - https:\/\/fontawesome.com\/license\/free (Icons: CC BY 4.0, Fonts: SIL OFL 1.1, Code: MIT License) Copyright 2023 Fonticons, Inc. --><path d=\"M464 256A208 208 0 1 0 48 256a208 208 0 1 0 416 0zM0 256a256 256 0 1 1 512 0A256 256 0 1 1 0 256zm177.6 62.1C192.8 334.5 218.8 352 256 352s63.2-17.5 78.4-33.9c9-9.7 24.2-10.4 33.9-1.4s10.4 24.2 1.4 33.9c-22 23.8-60 49.4-113.6 49.4s-91.7-25.5-113.6-49.4c-9-9.7-8.4-24.9 1.4-33.9s24.9-8.4 33.9 1.4zM144.4 208a32 32 0 1 1 64 0 32 32 0 1 1 -64 0zm192-32a32 32 0 1 1 0 64 32 32 0 1 1 0-64z\"\/><\/svg>\n\t\t\t\t\t<span class=\"wpforms-icon-choices-icon-bg\"><\/span>\n\t\t\t\t<\/span>\n\t\t\t\t<input type=\"checkbox\" id=\"wpforms-628-field_25_1\" name=\"wpforms[fields][25][]\" value=\"Acepto\" aria-errormessage=\"wpforms-628-field_25_1-error\" aria-describedby=\"wpforms-628-field_25-description\" required >\n\t\t\t\t<span class=\"wpforms-icon-choices-label\">Acepto<\/span>\n\t\t\t<\/label><\/li><\/ul><div id=\"wpforms-628-field_25-description\" class=\"wpforms-field-description\">Para poder ofrecerte mis servicios y mantenerme en contacto contigo, necesito una serie de datos como tel\u00e9fono, email o nombre. Acepta este tratamiento de datos personales conforme a la normativa de protecci\u00f3n de datos, en cumplimiento con el Reglamento (UE) 2016\/679 del Parlamento Europeo y del Consejo, de 27 de abril de 2016 (Reglamento General de Protecci\u00f3n de Datos, RGPD) y la Ley Org\u00e1nica 3\/2018, de 5 de diciembre, de Protecci\u00f3n de Datos Personales y garant\u00eda de los derechos digitales (LOPDGDD). Puedes retirar tu consentimiento en cualquier momento. Para m\u00e1s informaci\u00f3n, por favor consulta la pol\u00edtica de privacidad.<\/div><\/fieldset><\/div><script>\n\t\t\t\t( function() {\n\t\t\t\t\tconst style = document.createElement( 'style' );\n\t\t\t\t\tstyle.appendChild( document.createTextNode( '#wpforms-628-field_2-container { position: absolute !important; overflow: hidden !important; display: inline !important; height: 1px !important; width: 1px !important; z-index: -1000 !important; padding: 0 !important; } #wpforms-628-field_2-container input { visibility: hidden; } #wpforms-conversational-form-page #wpforms-628-field_2-container label { counter-increment: none; }' ) );\n\t\t\t\t\tdocument.head.appendChild( style );\n\t\t\t\t\tdocument.currentScript?.remove();\n\t\t\t\t} )();\n\t\t\t<\/script><\/div><!-- .wpforms-field-container --><div class=\"wpforms-recaptcha-container wpforms-is-recaptcha wpforms-is-recaptcha-type-v2\" ><div class=\"g-recaptcha\" data-sitekey=\"6LdmZV8qAAAAAMNMhMc8F4QcVsrb44rHMPUY7f3W\"><\/div><input type=\"text\" name=\"g-recaptcha-hidden\" class=\"wpforms-recaptcha-hidden\" style=\"position:absolute!important;clip:rect(0,0,0,0)!important;height:1px!important;width:1px!important;border:0!important;overflow:hidden!important;padding:0!important;margin:0!important;\" data-rule-recaptcha=\"1\"><\/div><div class=\"wpforms-submit-container\" ><input type=\"hidden\" name=\"wpforms[id]\" value=\"628\"><input type=\"hidden\" name=\"page_title\" value=\"\"><input type=\"hidden\" name=\"page_url\" value=\"https:\/\/arteneura.dreamify.love\/blog\/wp-json\/wp\/v2\/pages\/615\"><input type=\"hidden\" name=\"url_referer\" value=\"\"><button type=\"submit\" name=\"wpforms[submit]\" id=\"wpforms-submit-628\" class=\"wpforms-submit\" data-alt-text=\"Marchando...\" data-submit-text=\"Enviar\" aria-live=\"assertive\" value=\"wpforms-submit\">Enviar<\/button><img loading=\"lazy\" decoding=\"async\" src=\"https:\/\/arteneura.dreamify.love\/blog\/wp-content\/plugins\/wpforms-lite\/assets\/images\/submit-spin.svg\" class=\"wpforms-submit-spinner\" style=\"display: none;\" width=\"26\" height=\"26\" alt=\"Cargando\"><\/div><\/form><\/div>  <!-- .wpforms-container -->","protected":false},"excerpt":{"rendered":"<p>\u00abA nadie le amarga un dulce\u00bb dice el dicho, aunque a veces la relaci\u00f3n con estos productos puede ser desafiante y generar molestias a nivel de salud, bienestar, econom\u00eda&#8230; El taller &#8216;OK con los dulces&#8216; (y con los salados tambi\u00e9n) busca propiciar una mejor relaci\u00f3n con el consumo de los dulces, a trav\u00e9s de distintas [&hellip;]<\/p>\n","protected":false},"author":1,"featured_media":724,"parent":0,"menu_order":0,"comment_status":"closed","ping_status":"closed","template":"","meta":{"_monsterinsights_skip_tracking":false,"_monsterinsights_sitenote_active":false,"_monsterinsights_sitenote_note":"","_monsterinsights_sitenote_category":0,"_uf_show_specific_survey":0,"_uf_disable_surveys":false,"footnotes":""},"categories":[],"tags":[102,104,103,29,105,107,101,26,108,109,25,111,81,110,106,39,40,24,112,30],"class_list":["post-615","page","type-page","status-publish","has-post-thumbnail","hentry","tag-alimentacion","tag-atracon-2","tag-atracon","tag-coaching-wingwave","tag-compulsivo","tag-dependencia","tag-dulces","tag-emdr","tag-estres-de-euforia","tag-euforia","tag-gestalt","tag-grupo","tag-neurociencia","tag-pnl","tag-tca","tag-terapeuta-emdr","tag-terapeuta-gestalt","tag-toledo","tag-vicio","tag-wingwave"],"_links":{"self":[{"href":"https:\/\/arteneura.dreamify.love\/blog\/wp-json\/wp\/v2\/pages\/615","targetHints":{"allow":["GET"]}}],"collection":[{"href":"https:\/\/arteneura.dreamify.love\/blog\/wp-json\/wp\/v2\/pages"}],"about":[{"href":"https:\/\/arteneura.dreamify.love\/blog\/wp-json\/wp\/v2\/types\/page"}],"author":[{"embeddable":true,"href":"https:\/\/arteneura.dreamify.love\/blog\/wp-json\/wp\/v2\/users\/1"}],"replies":[{"embeddable":true,"href":"https:\/\/arteneura.dreamify.love\/blog\/wp-json\/wp\/v2\/comments?post=615"}],"version-history":[{"count":23,"href":"https:\/\/arteneura.dreamify.love\/blog\/wp-json\/wp\/v2\/pages\/615\/revisions"}],"predecessor-version":[{"id":752,"href":"https:\/\/arteneura.dreamify.love\/blog\/wp-json\/wp\/v2\/pages\/615\/revisions\/752"}],"wp:featuredmedia":[{"embeddable":true,"href":"https:\/\/arteneura.dreamify.love\/blog\/wp-json\/wp\/v2\/media\/724"}],"wp:attachment":[{"href":"https:\/\/arteneura.dreamify.love\/blog\/wp-json\/wp\/v2\/media?parent=615"}],"wp:term":[{"taxonomy":"category","embeddable":true,"href":"https:\/\/arteneura.dreamify.love\/blog\/wp-json\/wp\/v2\/categories?post=615"},{"taxonomy":"post_tag","embeddable":true,"href":"https:\/\/arteneura.dreamify.love\/blog\/wp-json\/wp\/v2\/tags?post=615"}],"curies":[{"name":"wp","href":"https:\/\/api.w.org\/{rel}","templated":true}]}}